{"id":42,"date":"2017-04-10T16:39:41","date_gmt":"2017-04-10T14:39:41","guid":{"rendered":"http:\/\/monikakwiatkowska.eu\/?page_id=42"},"modified":"2025-02-20T10:47:29","modified_gmt":"2025-02-20T09:47:29","slug":"about-me","status":"publish","type":"page","link":"https:\/\/monikakwiatkowska.eu\/pl\/about-me\/","title":{"rendered":"O mnie"},"content":{"rendered":"<div id=\"pl-42\"  class=\"panel-layout\" ><div id=\"pg-42-0\"  class=\"panel-grid panel-no-style\" ><div id=\"pgc-42-0-0\"  class=\"panel-grid-cell\" >     <div id=\"panel-42-0-0-0\" class=\"so-panel widget widget_kadence_simple_image kadence_simple_image panel-first-child panel-last-child\" data-index=\"0\" >    <div class=\"kad_img_upload_widget\">\n                <img decoding=\"async\" src=\"http:\/\/monikakwiatkowska.eu\/wp-content\/uploads\/2017\/04\/about1-2.png\" alt=\"\" \/>\n                    <\/div>\n\n    <\/div>    <\/div><div id=\"pgc-42-0-1\"  class=\"panel-grid-cell\" ><div id=\"panel-42-0-1-0\" class=\"so-panel widget widget_black-studio-tinymce widget_black_studio_tinymce panel-first-child panel-last-child\" data-index=\"1\" ><div class=\"textwidget\"><h3>Pasja<\/h3>\n<p>Zawsze mia\u0142am wiele pasji! Jako dziecko uczy\u0142am si\u0119 gry na skrzypcach, a b\u0119d\u0105c ju\u017c nastolatk\u0105 wybra\u0142am kontrabas i to ten instrument okaza\u0142 si\u0119 moj\u0105 prawdziw\u0105 mi\u0142o\u015bci\u0105. Uwielbiam te\u017c sztuki wizualne. Zawsze du\u017co rysowa\u0142am, a nawet robi\u0142am mozaiki! Pisa\u0142am reporta\u017ce na zaj\u0119ciach dziennikarskich u <a href=\"https:\/\/lubimyczytac.pl\/autor\/34037\/barbara-piorkowska\" target=\"_blank\" rel=\"noopener\">Barbary Pi\u00f3rkowskiej<\/a>, oprowadza\u0142am po <a href=\"https:\/\/metropolitanka.ikm.gda.pl\/\" target=\"_blank\" rel=\"noopener\">Stoczni Gda\u0144skiej szlakami kobiet<\/a>, statystowa\u0142am w teatrze. Interesuj\u0119 si\u0119 polityk\u0105, ekologi\u0105, mediami - wielkimi i ma\u0142ymi trendami maj\u0105cymi wp\u0142yw na zmiany spo\u0142eczne.<\/p>\n<p>Muzyka by\u0142a obecna w moim \u017cyciu od zawsze. Jestem muzykiem wykszta\u0142conym klasycznie (I i II st. szko\u0142y muzycznej, Akademia Muzyczna I i II st.). Jestem jednak kontrabasistk\u0105, kt\u00f3ra lubi eksperymenty. Gra\u0142am wiele gatunk\u00f3w muzycznych - od klasyki do hip-hopu!<\/p>\n<\/div><\/div><\/div><\/div><div id=\"pg-42-1\"  class=\"panel-grid panel-no-style\" ><div id=\"pgc-42-1-0\"  class=\"panel-grid-cell\" ><div id=\"panel-42-1-0-0\" class=\"so-panel widget widget_black-studio-tinymce widget_black_studio_tinymce panel-first-child panel-last-child\" data-index=\"2\" ><div class=\"textwidget\"><h4>Studia<\/h3>\n<p>Urodzi\u0142am si\u0119 w Gda\u0144sku i to w tym mie\u015bcie studiowa\u0142am. Najpierw <a href=\"http:\/\/wns.ug.edu.pl\/wydzial\/instytuty_wns\/instytut_politologii\" target=\"_blank\" rel=\"noopener\">politologi\u0119 na Uniwersytecie Gda\u0144skim<\/a>, a potem instrumentalistyk\u0119-kontrabas na <a href=\"http:\/\/www.amuz.gda.pl\/\" target=\"_blank\" rel=\"noopener\">Akademii Muzycznej<\/a> w klasie pana Janusza Dobrowolskiego.<\/p>\n<p>W 2014 roku wyjecha\u0142am do Szwecji w ramach programu Erasmus, a po obronie dyplomu licencjackiego w Gda\u0144sku, wr\u00f3ci\u0142am tam kontynuowa\u0107 nauk\u0119 na studiach magisterskich. Na <a href=\"http:\/\/hsm.gu.se\/english\/?languageId=100001&amp;disableRedirect=true&amp;returnUrl=http%3A%2F%2Fhsm.gu.se%2F\" target=\"_blank\" rel=\"noopener\">H\u00f6gskolan f\u00f6r scen och musik<\/a> w Goteborgu studiowa\u0142am na <a href=\"https:\/\/hsm.gu.se\/english\/education\/ma-symphonic-orchestra-performance\" target=\"_blank\" rel=\"noopener\">profilu orkiestrowym<\/a>, a po obronie dyplomu doskonali\u0142am sw\u00f3j warsztat na studiach z interpretacji muzycznej.<\/p>\n<p>Moimi nauczycielami kontrabasu byli: Leszek Kaufman, Janusz Dobrowolski,\u00a0<span lang=\"fr-FR\">Charles De Ramus, Hans Adler i Jan Alm. Ponadto uczestniczy\u0142am w kursach i warsztatach muzyczych prowadzonych przez takich wybitnych muzyk\u00f3w jak:\u00a0<\/span><span lang=\"fr-FR\">Klaus Stoll,\u00a0Leon Bosh, Miloslav Gajdos, Johan Ekenberg, Pawe\u0142 Jab\u0142czy\u0144ski, Peter Leerdam, Andrzej Mysi\u0144ski, Wenancjusz Kurzawa, Piotr Kurzawa, S\u0142awomir Grenda, Bogus\u0142aw Furtok i Joanna Krempe\u0107-Kaczor.<\/span><\/p>\n<p>Po rocznym pobycie we Francji, gdzie uczy\u0142am dzieci muzyki, w 2018 r. wr\u00f3ci\u0142am do Polski. Od wrze\u015bnia 2019 r. jestem nauczycielk\u0105 kontrabasu w <a href=\"https:\/\/www.gov.pl\/web\/zsmgdansk\" target=\"_blank\" rel=\"noopener\">Zespole Szk\u00f3\u0142 Muzycznych w Gda\u0144sku-Wrzeszczu.<\/a> Od 2024 r. pe\u0142ni\u0119 w tej szkole r\u00f3wnie\u017c rol\u0119 bibliotekarki.<\/p>\n<\/div><\/div><\/div><div id=\"pgc-42-1-1\"  class=\"panel-grid-cell\" >     <div id=\"panel-42-1-1-0\" class=\"so-panel widget widget_kadence_simple_image kadence_simple_image panel-first-child panel-last-child\" data-index=\"3\" >    <div class=\"kad_img_upload_widget\">\n                <img decoding=\"async\" src=\"http:\/\/monikakwiatkowska.eu\/wp-content\/uploads\/2017\/04\/about-2-1.png\" alt=\"\" \/>\n                    <\/div>\n\n    <\/div>    <\/div><\/div><div id=\"pg-42-2\"  class=\"panel-grid panel-no-style\" ><div id=\"pgc-42-2-0\"  class=\"panel-grid-cell\" >     <div id=\"panel-42-2-0-0\" class=\"so-panel widget widget_kadence_simple_image kadence_simple_image panel-first-child panel-last-child\" data-index=\"4\" >    <div class=\"kad_img_upload_widget\">\n                <img decoding=\"async\" src=\"http:\/\/monikakwiatkowska.eu\/wp-content\/uploads\/2017\/06\/about-3.png\" alt=\"\" \/>\n                    <\/div>\n\n    <\/div>    <\/div><div id=\"pgc-42-2-1\"  class=\"panel-grid-cell\" ><div id=\"panel-42-2-1-0\" class=\"so-panel widget widget_black-studio-tinymce widget_black_studio_tinymce panel-first-child panel-last-child\" data-index=\"5\" ><div class=\"textwidget\"><h4 style=\"text-align: left;\">Nauczanie<\/h4>\n<p>Wprowadzanie m\u0142odszych i starszych os\u00f3b w \u015bwiat muzyki jest fascynuj\u0105ce. Traktuj\u0119 muzyk\u0119 jako narz\u0119dzie do wyra\u017cania siebie. Wed\u0142ug mnie pozwala ona odkrywa\u0107 zar\u00f3wno nasze talenty jak i s\u0142abo\u015bci. Praca nad nimi jest wspania\u0142ym sposobem na samorozw\u00f3j. Mam do\u015bwiadczenie w nauczaniu takich instrument\u00f3w jak: skrzypce, kontrabas i fortepian.<\/p>\n<\/div><\/div><\/div><\/div><div id=\"pg-42-3\"  class=\"panel-grid panel-no-style\" ><div id=\"pgc-42-3-0\"  class=\"panel-grid-cell\" ><div id=\"panel-42-3-0-0\" class=\"so-panel widget widget_black-studio-tinymce widget_black_studio_tinymce panel-first-child panel-last-child\" data-index=\"6\" ><div class=\"textwidget\"><h4>Orkiestra Symfoniczna<\/h4>\n<p>Orkiestra to niezwyk\u0142y zesp\u00f3\u0142 ludzi po\u0142\u0105czonych wsp\u00f3lnym do\u015bwiadczaniem muzyki. Gra w orkiestrze, to jedno z moich najlepszych do\u015bwiadcze\u0144. Jest to praca fascynuj\u0105ca pod wzgl\u0119dem rozwoju indywidualnego, ale tak\u017ce na poziomie grupy i relacji spo\u0142ecznych. Pozwala do\u015bwiadcza\u0107 muzyki g\u0142\u0119biej ale tak\u017ce rozwija\u0107 umiej\u0119tno\u015bci komunikacyjne. Wymaga przecie\u017c nieustannego skupienia uwagi na dyrygencie i innych muzykach. Im d\u0142u\u017cej gra\u0142am w orkiestrze, tym bardziej docenia\u0142am jak z\u0142o\u017conym i skomplikowanym tworem jest!<\/p>\n<\/div><\/div><\/div><div id=\"pgc-42-3-1\"  class=\"panel-grid-cell\" >     <div id=\"panel-42-3-1-0\" class=\"so-panel widget widget_kadence_simple_image kadence_simple_image panel-first-child panel-last-child\" data-index=\"7\" >    <div class=\"kad_img_upload_widget\">\n                <img decoding=\"async\" src=\"http:\/\/monikakwiatkowska.eu\/wp-content\/uploads\/2017\/04\/about-4.png\" alt=\"\" \/>\n                    <\/div>\n\n    <\/div>    <\/div><\/div><div id=\"pg-42-4\"  class=\"panel-grid panel-no-style\" ><div id=\"pgc-42-4-0\"  class=\"panel-grid-cell\" >     <div id=\"panel-42-4-0-0\" class=\"so-panel widget widget_kadence_simple_image kadence_simple_image panel-first-child panel-last-child\" data-index=\"8\" >    <div class=\"kad_img_upload_widget\">\n                <img decoding=\"async\" src=\"http:\/\/monikakwiatkowska.eu\/wp-content\/uploads\/2017\/04\/about-5.png\" alt=\"\" \/>\n                    <\/div>\n\n    <\/div>    <\/div><div id=\"pgc-42-4-1\"  class=\"panel-grid-cell\" ><div id=\"panel-42-4-1-0\" class=\"so-panel widget widget_black-studio-tinymce widget_black_studio_tinymce panel-first-child panel-last-child\" data-index=\"9\" ><div class=\"textwidget\"><h4>Do\u015bwiadczenie zawodowe<\/h4>\n<div class=\"row\">\n\n<div class=\"col-md-6\">2024 IX - nadal <\/div><div class=\"col-md-6\"><strong>Bibliotekarz<\/strong> - w <a href=\"https:\/\/www.gov.pl\/web\/zsmgdansk\" target=\"_blank\" rel=\"noopener\">Zespole Szk\u00f3\u0142 Muzycznych w Gda\u0144sku-Wrzeszczu<\/a><\/div>\n\n<div class=\"col-md-6\">2019 IX - nadal <\/div><div class=\"col-md-6\"><b>Nauczycielka kontrabasu<\/b> - klasa kontrabasu w <a href=\"https:\/\/www.gov.pl\/web\/zsmgdansk\" target=\"_blank\" rel=\"noopener\">Zespole Szk\u00f3\u0142 Muzycznych w Gda\u0144sku-Wrzeszczu<\/a><\/div>\n\n<div class=\"col-md-6\">2017 - 2018 <\/div><div class=\"col-md-6\"><b>Nauczycielka muzyki<\/b> - zaj\u0119cia umuzykalniaj\u0105ce dla dzieci 4, 5 i 6-letnich<\/div>\n\n<div class=\"col-md-6\">2015 - 2018 <\/div><div class=\"col-md-6\"><strong>Nauczycielka muzyki<\/strong> - kontrabas, wiolonczela, skrzypce i fortepian<\/div>\n\n<div class=\"col-md-6\">2013 - 2017<\/div><div class=\"col-md-6\"><strong>University of Gothenburg Symphony Orchestra<\/strong> -\u00a0 kontrabas tutti\/liderka sekcji<\/div>\n\n<div class=\"col-md-6\">2016 XI<\/div><div class=\"col-md-6\"><strong><a href=\"http:\/\/www.auroramusic.se\/\" target=\"_blank\" rel=\"noopener noreferrer\">Aurora Music Festival<\/a> Orchestra<\/strong> - kontrabas tutti<\/div>\n\n<div class=\"col-md-6\">2016 I - 2016 VI<\/div><div class=\"col-md-6\"><strong><a href=\"http:\/\/www.operabaltycka.pl\/en\/index\/index\" target=\"_blank\" rel=\"noopener noreferrer\">Opera Ba\u0142tycka<\/a>\u00a0w Gda\u0144sku<\/strong>\u00a0- kontrabas tutti<\/div>\n\n<div class=\"col-md-6\">2013 - 2015<\/div><div class=\"col-md-6\"><a href=\"http:\/\/www.orchestra.culture.pl\/en\/\" target=\"_blank\" rel=\"noopener\">I, Culture Orchestra<\/a> <\/strong>- kontrabas tutti<\/div>\n\n<div class=\"col-md-6\">2012 - 2014<\/div><div class=\"col-md-6\"><strong><a href=\"http:\/\/monikakwiatkowska.eu\/portfolio\/atmen-trio\/\" target=\"_blank\" rel=\"noopener\">Atmen Trio<\/a><\/strong> - kontrabas<\/div>\n\n<div class=\"col-md-6\">2011 - 2014<\/div><div class=\"col-md-6\"><strong>Orkiestra Symfoniczna Akademii Muzycznej w Gda\u0144sku<\/strong>\u00a0- kontrabas tutti<\/div>\n\n<div class=\"col-md-6\">2011 - 2014<\/div><div class=\"col-md-6\"><strong><a href=\"http:\/\/monikakwiatkowska.eu\/portfolio\/le-batard-de-la-raison\/\" target=\"_blank\" rel=\"noopener\">Le Batard de la Raison\/Rozumu B\u0119kart<\/a> <\/strong>- kontrabas\/kontrabas elektryczny<\/div>\n\n<div class=\"col-md-6\">2011 - 2013<\/div><div class=\"col-md-6\"><b>Praktyki zawodowe<\/b>\u00a0jako nauczycielka kontrabasu w szko\u0142ach muzycznych w Gda\u0144sku<\/div>\u00a0<\/div><\/div><\/div><\/div><\/div><\/div><!-- AddThis Advanced Settings generic via filter on the_content --><!-- AddThis Share Buttons generic via filter on the_content -->","protected":false},"excerpt":{"rendered":"<p>Pasja Zawsze mia\u0142am wiele pasji! Jako dziecko uczy\u0142am si\u0119 gry na skrzypcach, a b\u0119d\u0105c ju\u017c nastolatk\u0105 wybra\u0142am kontrabas i to ten instrument okaza\u0142 si\u0119 moj\u0105 prawdziw\u0105 mi\u0142o\u015bci\u0105. Uwielbiam te\u017c sztuki wizualne. Zawsze du\u017co rysowa\u0142am, a nawet robi\u0142am mozaiki! Pisa\u0142am reporta\u017ce &hellip; <a href=\"https:\/\/monikakwiatkowska.eu\/pl\/about-me\/\">Czytaj wi\u0119cej<\/a><!-- AddThis Advanced Settings generic via filter on wp_trim_excerpt --><!-- AddThis Share Buttons generic via filter on wp_trim_excerpt --><\/p>\n","protected":false},"author":1,"featured_media":0,"parent":0,"menu_order":0,"comment_status":"closed","ping_status":"closed","template":"","meta":{"om_disable_all_campaigns":false,"_monsterinsights_skip_tracking":false,"_monsterinsights_sitenote_active":false,"_monsterinsights_sitenote_note":"","_monsterinsights_sitenote_category":0,"jetpack_post_was_ever_published":false,"footnotes":""},"class_list":["post-42","page","type-page","status-publish","hentry"],"aioseo_notices":[],"yoast_head":"<!-- This site is optimized with the Yoast SEO plugin v24.5 - https:\/\/yoast.com\/wordpress\/plugins\/seo\/ -->\n<title>O mnie &#183; Monika Rajska<\/title>\n<meta name=\"robots\" content=\"index, follow, max-snippet:-1, max-image-preview:large, max-video-preview:-1\" \/>\n<link rel=\"canonical\" href=\"https:\/\/monikakwiatkowska.eu\/about-me\/\" \/>\n<meta property=\"og:locale\" content=\"pl_PL\" \/>\n<meta property=\"og:type\" content=\"article\" \/>\n<meta property=\"og:title\" content=\"O mnie &#183; Monika Rajska\" \/>\n<meta property=\"og:description\" content=\"Pasja Zawsze mia\u0142am wiele pasji! Jako dziecko uczy\u0142am si\u0119 gry na skrzypcach, a b\u0119d\u0105c ju\u017c nastolatk\u0105 wybra\u0142am kontrabas i to ten instrument okaza\u0142 si\u0119 moj\u0105 prawdziw\u0105 mi\u0142o\u015bci\u0105. Uwielbiam te\u017c sztuki wizualne. Zawsze du\u017co rysowa\u0142am, a nawet robi\u0142am mozaiki! Pisa\u0142am reporta\u017ce &hellip; Czytaj wi\u0119cej\" \/>\n<meta property=\"og:url\" content=\"https:\/\/monikakwiatkowska.eu\/about-me\/\" \/>\n<meta property=\"og:site_name\" content=\"Monika Rajska\" \/>\n<meta property=\"article:publisher\" content=\"https:\/\/www.facebook.com\/MKDoubleBassist\/\" \/>\n<meta property=\"article:modified_time\" content=\"2025-02-20T09:47:29+00:00\" \/>\n<meta name=\"twitter:card\" content=\"summary_large_image\" \/>\n<meta name=\"twitter:site\" content=\"@MonikaKwiat\" \/>\n<meta name=\"twitter:label1\" content=\"Szacowany czas czytania\" \/>\n\t<meta name=\"twitter:data1\" content=\"8 minut\" \/>\n<script type=\"application\/ld+json\" class=\"yoast-schema-graph\">{\"@context\":\"https:\/\/schema.org\",\"@graph\":[{\"@type\":\"WebPage\",\"@id\":\"https:\/\/monikakwiatkowska.eu\/about-me\/\",\"url\":\"https:\/\/monikakwiatkowska.eu\/about-me\/\",\"name\":\"O mnie &#183; Monika Rajska\",\"isPartOf\":{\"@id\":\"https:\/\/monikakwiatkowska.eu\/#website\"},\"datePublished\":\"2017-04-10T14:39:41+00:00\",\"dateModified\":\"2025-02-20T09:47:29+00:00\",\"breadcrumb\":{\"@id\":\"https:\/\/monikakwiatkowska.eu\/about-me\/#breadcrumb\"},\"inLanguage\":\"pl-PL\",\"potentialAction\":[{\"@type\":\"ReadAction\",\"target\":[\"https:\/\/monikakwiatkowska.eu\/about-me\/\"]}]},{\"@type\":\"BreadcrumbList\",\"@id\":\"https:\/\/monikakwiatkowska.eu\/about-me\/#breadcrumb\",\"itemListElement\":[{\"@type\":\"ListItem\",\"position\":1,\"name\":\"Home\",\"item\":\"https:\/\/monikakwiatkowska.eu\/\"},{\"@type\":\"ListItem\",\"position\":2,\"name\":\"About Me\"}]},{\"@type\":\"WebSite\",\"@id\":\"https:\/\/monikakwiatkowska.eu\/#website\",\"url\":\"https:\/\/monikakwiatkowska.eu\/\",\"name\":\"Monika Rajska\",\"description\":\"| Kontrabas i nie tylko |\",\"potentialAction\":[{\"@type\":\"SearchAction\",\"target\":{\"@type\":\"EntryPoint\",\"urlTemplate\":\"https:\/\/monikakwiatkowska.eu\/?s={search_term_string}\"},\"query-input\":{\"@type\":\"PropertyValueSpecification\",\"valueRequired\":true,\"valueName\":\"search_term_string\"}}],\"inLanguage\":\"pl-PL\"}]}<\/script>\n<!-- \/ Yoast SEO plugin. -->","yoast_head_json":{"title":"O mnie &#183; Monika Rajska","robots":{"index":"index","follow":"follow","max-snippet":"max-snippet:-1","max-image-preview":"max-image-preview:large","max-video-preview":"max-video-preview:-1"},"canonical":"https:\/\/monikakwiatkowska.eu\/about-me\/","og_locale":"pl_PL","og_type":"article","og_title":"O mnie &#183; Monika Rajska","og_description":"Pasja Zawsze mia\u0142am wiele pasji! Jako dziecko uczy\u0142am si\u0119 gry na skrzypcach, a b\u0119d\u0105c ju\u017c nastolatk\u0105 wybra\u0142am kontrabas i to ten instrument okaza\u0142 si\u0119 moj\u0105 prawdziw\u0105 mi\u0142o\u015bci\u0105. Uwielbiam te\u017c sztuki wizualne. Zawsze du\u017co rysowa\u0142am, a nawet robi\u0142am mozaiki! Pisa\u0142am reporta\u017ce &hellip; Czytaj wi\u0119cej","og_url":"https:\/\/monikakwiatkowska.eu\/about-me\/","og_site_name":"Monika Rajska","article_publisher":"https:\/\/www.facebook.com\/MKDoubleBassist\/","article_modified_time":"2025-02-20T09:47:29+00:00","twitter_card":"summary_large_image","twitter_site":"@MonikaKwiat","twitter_misc":{"Szacowany czas czytania":"8 minut"},"schema":{"@context":"https:\/\/schema.org","@graph":[{"@type":"WebPage","@id":"https:\/\/monikakwiatkowska.eu\/about-me\/","url":"https:\/\/monikakwiatkowska.eu\/about-me\/","name":"O mnie &#183; Monika Rajska","isPartOf":{"@id":"https:\/\/monikakwiatkowska.eu\/#website"},"datePublished":"2017-04-10T14:39:41+00:00","dateModified":"2025-02-20T09:47:29+00:00","breadcrumb":{"@id":"https:\/\/monikakwiatkowska.eu\/about-me\/#breadcrumb"},"inLanguage":"pl-PL","potentialAction":[{"@type":"ReadAction","target":["https:\/\/monikakwiatkowska.eu\/about-me\/"]}]},{"@type":"BreadcrumbList","@id":"https:\/\/monikakwiatkowska.eu\/about-me\/#breadcrumb","itemListElement":[{"@type":"ListItem","position":1,"name":"Home","item":"https:\/\/monikakwiatkowska.eu\/"},{"@type":"ListItem","position":2,"name":"About Me"}]},{"@type":"WebSite","@id":"https:\/\/monikakwiatkowska.eu\/#website","url":"https:\/\/monikakwiatkowska.eu\/","name":"Monika Rajska","description":"| Kontrabas i nie tylko |","potentialAction":[{"@type":"SearchAction","target":{"@type":"EntryPoint","urlTemplate":"https:\/\/monikakwiatkowska.eu\/?s={search_term_string}"},"query-input":{"@type":"PropertyValueSpecification","valueRequired":true,"valueName":"search_term_string"}}],"inLanguage":"pl-PL"}]}},"jetpack_shortlink":"https:\/\/wp.me\/P8Ew3L-G","jetpack_sharing_enabled":true,"_links":{"self":[{"href":"https:\/\/monikakwiatkowska.eu\/pl\/wp-json\/wp\/v2\/pages\/42","targetHints":{"allow":["GET"]}}],"collection":[{"href":"https:\/\/monikakwiatkowska.eu\/pl\/wp-json\/wp\/v2\/pages"}],"about":[{"href":"https:\/\/monikakwiatkowska.eu\/pl\/wp-json\/wp\/v2\/types\/page"}],"author":[{"embeddable":true,"href":"https:\/\/monikakwiatkowska.eu\/pl\/wp-json\/wp\/v2\/users\/1"}],"replies":[{"embeddable":true,"href":"https:\/\/monikakwiatkowska.eu\/pl\/wp-json\/wp\/v2\/comments?post=42"}],"version-history":[{"count":201,"href":"https:\/\/monikakwiatkowska.eu\/pl\/wp-json\/wp\/v2\/pages\/42\/revisions"}],"predecessor-version":[{"id":1453,"href":"https:\/\/monikakwiatkowska.eu\/pl\/wp-json\/wp\/v2\/pages\/42\/revisions\/1453"}],"wp:attachment":[{"href":"https:\/\/monikakwiatkowska.eu\/pl\/wp-json\/wp\/v2\/media?parent=42"}],"curies":[{"name":"wp","href":"https:\/\/api.w.org\/{rel}","templated":true}]}}